{"id":281,"date":"2022-02-15T15:22:10","date_gmt":"2022-02-15T14:22:10","guid":{"rendered":"https:\/\/moerynck.be\/?page_id=281"},"modified":"2022-03-30T09:34:00","modified_gmt":"2022-03-30T07:34:00","slug":"datenschutz-bestimmungen","status":"publish","type":"page","link":"https:\/\/moerynck.be\/de\/datenschutz-bestimmungen\/","title":{"rendered":"Datenschutz-Bestimmungen"},"content":{"rendered":"\n<h2 class=\"wp-block-heading\" id=\"avocats\">Avocats<\/h2>\n\n\n\n<p>La SRL PIERRE MO\u00cbRYNCK est la soci\u00e9t\u00e9 au travers de laquelle sont exerc\u00e9es les activit\u00e9s de Pierre MO\u00cbRYNCK, avocat.<br>Les avocats pr\u00e9sent\u00e9s sur ce site ne sont pas associ\u00e9s.<\/p>\n\n\n\n<p>Pierre MO\u00cbRYNCK est avocat au Barreau de Bruxelles. Informations et r\u00e8gles d\u00e9ontologiques :&nbsp;<a rel=\"noreferrer noopener\" href=\"https:\/\/barreaubruxelles.be\/\" target=\"_blank\">www.barreaudebruxelles.be<\/a>.<\/p>\n\n\n\n<h2 class=\"wp-block-heading\" id=\"le-site\">Le site<\/h2>\n\n\n\n<p>Le site www.moerynck.be est administr\u00e9 par la soci\u00e9t\u00e9&nbsp;<strong>Pierre Mo\u00ebrynck avocat SRL<\/strong>.<\/p>\n\n\n\n<p><strong>Coordonn\u00e9es :<\/strong> Avenue de Tervueren 34\/27 | B-1040 Bruxelles \u2013 Belgique | TVA\/BCE BE 0508.560.310<\/p>\n\n\n\n<p><strong>T\u00e9l\u00e9phone :<\/strong> <a href=\"tel:003228932900\">+32 (0)2 893 29 00<\/a><\/p>\n\n\n\n<p><strong>Email :<\/strong>&nbsp;<a href=\"mailto:moerynck@moerynck.be\">moerynck@moerynck.be<\/a><\/p>\n\n\n\n<h3 class=\"wp-block-heading\" id=\"propriete-intellectuelle\">Propri\u00e9t\u00e9 intellectuelle<\/h3>\n\n\n\n<p>L\u2019ensemble de ce site ainsi que de l\u2019outil qu\u2019il pr\u00e9sente (contenu et pr\u00e9sentation) constitue une \u0153uvre prot\u00e9g\u00e9e par la l\u00e9gislation belge et internationale en vigueur sur le droit d\u2019auteur et d\u2019une mani\u00e8re g\u00e9n\u00e9rale sur la propri\u00e9t\u00e9 intellectuelle et industrielle.<\/p>\n\n\n\n<h3 class=\"wp-block-heading\" id=\"conditions-generales-d-utilisation-du-site\">Conditions g\u00e9n\u00e9rales d\u2019utilisation du site<\/h3>\n\n\n\n<p>Ce site est normalement accessible \u00e0 tout moment aux utilisateurs. Une interruption pour raison de maintenance technique peut \u00eatre toutefois d\u00e9cid\u00e9e. Le site est r\u00e9guli\u00e8rement mis \u00e0 jour. Les informations fournies sont donc susceptibles d\u2019\u00e9voluer. Par ailleurs, les renseignements figurant sur le site ne sont pas exhaustifs.<\/p>\n\n\n\n<h3 class=\"wp-block-heading\" id=\"liens-hypertextes-et-cookies\">Liens hypertextes et cookies<\/h3>\n\n\n\n<p>Le site www.moerynck.be contient un certain nombre de liens hypertextes vers d\u2019autres sites. Cependant, la soci\u00e9t\u00e9 Pierre Mo\u00ebrynck Avocat SRL, n\u2019a pas la possibilit\u00e9 de v\u00e9rifier le contenu des sites ainsi visit\u00e9s, et n\u2019assumera en cons\u00e9quence aucune responsabilit\u00e9 de ce fait.<\/p>\n\n\n\n<p>Le site <a href=\"http:\/\/www.moerynck.be\">www.moerynck.be<\/a> n\u2019emploie pas de cookies.<\/p>\n\n\n\n<h2 class=\"wp-block-heading\" id=\"gestion-des-donnees-personnelles\">Gestion des donn\u00e9es personnelles<\/h2>\n\n\n\n<h3 class=\"wp-block-heading\" id=\"personal-data-protection-policy-1\">Richtlinie zum Schutz personenbezogener Daten<\/h3>\n\n\n\n<p>Unsere Arbeitssprache ist Franz\u00f6sisch. Die Richtlinie zum Schutz personenbezogener Daten wird daher auf Franz\u00f6sisch ausgef\u00fchrt.<\/p>\n\n\n\n<p>La pr\u00e9sente Politique est \u00e9tablie par :<\/p>\n\n\n\n<p>SRL PIERRE MO\u00cbRYNCK AVOCAT<br>Avenue de Tervueren, 34\/27 \u2013 1040 Bruxelles<br><a href=\"mailto:moerynck@moerynck.be\">moerynck@moerynck.be<\/a><br>BCE n\u00b0 : BE 0508.560.310<\/p>\n\n\n\n<p>Ci-apr\u00e8s, \u00ab le cabinet \u00bb ou \u00ab nous \u00bb, \u00ab nos \u00bb.<\/p>\n\n\n\n<p>Nous sommes particuli\u00e8rement attentifs \u00e0 la protection des donn\u00e9es \u00e0 caract\u00e8re personnel et au respect de la vie priv\u00e9e de toute personne amen\u00e9e \u00e0 entrer en contact avec nous. Nous agissons en toute transparence, conform\u00e9ment aux dispositions nationales et internationales en la mati\u00e8re, notamment, le R\u00e8glement (U.E.) 2016\/679 du Parlement europ\u00e9en et du Conseil du 27 avril 2016 relatif \u00e0 la protection des personnes physiques \u00e0 l\u2019\u00e9gard du traitement des donn\u00e9es \u00e0 caract\u00e8re personnel et \u00e0 la libre circulation de ces donn\u00e9es, abrogeant la directive 95\/46\/CE (ci-apr\u00e8s d\u00e9nomm\u00e9 le \u00ab r\u00e8glement g\u00e9n\u00e9ral sur la protection des donn\u00e9es \u00bb ou \u00ab R.G.P.D. \u00bb). Le pr\u00e9sent document d&#8217;information relatif \u00e0 la protection des donn\u00e9es \u00e0 caract\u00e8re personnel d\u00e9crit la mani\u00e8re dont nous traitons vos donn\u00e9es ainsi que les droits que vous pouvez exercer sur les donn\u00e9es qui vous concernent en qualit\u00e9 de personne concern\u00e9e. Il peut \u00eatre modifi\u00e9 \u00e0 tout moment, si nous devons notamment nous conformer \u00e0 une \u00e9ventuelle \u00e9volution r\u00e9glementaire, jurisprudentielle ou technologique. Nous vous invitons \u00e0 le consulter r\u00e9guli\u00e8rement. Vous pouvez r\u00e9agir \u00e0 l\u2019une des pratiques d\u00e9crites ci-apr\u00e8s en nous contactant.<\/p>\n\n\n\n<h4 class=\"wp-block-heading\" id=\"1-pourquoi-le-cabinet-traite-t-il-les-donnees-personnelles-et-quel-est-le-fondement-juridique-de-nos-traitements\">1. POURQUOI LE CABINET TRAITE-T-IL LES DONN\u00c9ES PERSONNELLES ET QUEL EST LE FONDEMENT JURIDIQUE DE NOS TRAITEMENTS ?<\/h4>\n\n\n\n<p>Selon les donn\u00e9es collect\u00e9es et trait\u00e9es ainsi que les cat\u00e9gories de personnes concern\u00e9es, les finalit\u00e9s et les fondements juridiques de nos traitements diff\u00e8rent. Le cabinet traite vos donn\u00e9es.<\/p>\n\n\n\n<p><strong><u>Gestion de la d\u00e9fense des int\u00e9r\u00eats de nos clients et de leurs demandes :<\/u><\/strong><\/p>\n\n\n\n<p><span style=\"text-decoration: underline;\">Finalit\u00e9 de l&#8217;utilisation<\/span><\/p>\n\n\n\n<p>Nous traitons les donn\u00e9es dans le cadre des demandes (audits, notes de consultation, avis) et de la d\u00e9fense des int\u00e9r\u00eats de nos clients, personnes morales ou physiques.&nbsp;<\/p>\n\n\n\n<p><span style=\"text-decoration: underline;\">Fondement juridique du traitement<\/span><\/p>\n\n\n\n<p>Ce traitement est n\u00e9cessaire :<\/p>\n\n\n\n<ul class=\"wp-block-list\"><li>\u00e0 la r\u00e9alisation de nos obligations l\u00e9gales conform\u00e9ment au Code judiciaire, et notamment, pour les actes de proc\u00e9dure &nbsp;(article 6.1.c. du R.G.P.D.).<\/li><li>\u00e0 l\u2019ex\u00e9cution du contrat qui nous lie \u00e0 nos clients (article 6.1.b. du R.G.P.D.)<\/li><\/ul>\n\n\n\n<p>Nous pouvons \u00e9galement traiter des donn\u00e9es sensibles (cat\u00e9gories particuli\u00e8res de donn\u00e9es \u00e0 caract\u00e8re personnel), chaque fois que cela est rendu n\u00e9cessaire par la constatation, l&#8217;exercice ou la d\u00e9fense d&#8217;un droit en justice conform\u00e9ment aux dispositions de l\u2019article 9 \u00a72, f. du R.G.P.D.<\/p>\n\n\n\n<p><strong><span style=\"text-decoration: underline;\">Gestion administrative des dossiers de nos clients&nbsp;:<\/span><\/strong><\/p>\n\n\n\n<p><span style=\"text-decoration: underline;\">Finalit\u00e9 de l&#8217;utilisation<\/span><\/p>\n\n\n\n<p>Nous traitons les donn\u00e9es personnelles dans le cadre de la r\u00e9alisation des obligations contractuelles ou pr\u00e9contractuelles du cabinet \u00e0 l\u2019\u00e9gard de nos clients, personnes morales ou physiques.<\/p>\n\n\n\n<p><span style=\"text-decoration: underline;\">Fondement juridique du traitement<\/span><\/p>\n\n\n\n<p>Ce traitement est n\u00e9cessaire :<\/p>\n\n\n\n<ul class=\"wp-block-list\"><li>\u00e0 la r\u00e9alisation de nos obligations l\u00e9gales vis\u00e9es notamment par la loi du 18 septembre 2017 relative \u00e0 la pr\u00e9vention du blanchiment de capitaux et du financement du terrorisme et \u00e0 la limitation de l&#8217;utilisation des esp\u00e8ces et par le Code de d\u00e9ontologie de l\u2019avocat, notamment en mati\u00e8re de lutte contre le blanchiment et le terrorisme (article 6.1.c. du R.G.P.D.)<\/li><li>\u00e0 l\u2019ex\u00e9cution du contrat qui nous lie \u00e0 nos clients (article 6.1.b. du R.G.P.D.)<\/li><\/ul>\n\n\n\n<p><strong><span style=\"text-decoration: underline;\">Gestion de la comptabilit\u00e9 :<\/span><\/strong><\/p>\n\n\n\n<p><span style=\"text-decoration: underline;\">Finalit\u00e9 de l&#8217;utilisation<\/span><\/p>\n\n\n\n<p>Nous traitons les donn\u00e9es personnelles pour \u00e9tablir notre facturation.<\/p>\n\n\n\n<p><span style=\"text-decoration: underline;\">Fondement juridique du traitement<\/span><\/p>\n\n\n\n<p>Ce traitement est n\u00e9cessaire \u00e0 la r\u00e9alisation de nos obligations l\u00e9gales d\u00e9finies par le Code de droit \u00e9conomique et le Code T.V.A. en mati\u00e8re fiscale et comptable (article 6.1.c. du RGPD).<\/p>\n\n\n\n<p><strong><span style=\"text-decoration: underline;\">Gestion des relations pr\u00e9contractuelles&nbsp;:<\/span><\/strong><\/p>\n\n\n\n<p><span style=\"text-decoration: underline;\">Finalit\u00e9 de l&#8217;utilisation<\/span><\/p>\n\n\n\n<p>Nous traitons les donn\u00e9es personnelles afin de r\u00e9pondre aux demandes et\/ou questions que les clients ou prospects nous adressent, notamment via notre site, ou les offres de services et les C.V.<\/p>\n\n\n\n<p><span style=\"text-decoration: underline;\">Fondement juridique du traitement<\/span><\/p>\n\n\n\n<p>Ce traitement est n\u00e9cessaire \u00e0 la r\u00e9alisation de mesures pr\u00e9contractuelles (article 6.1.b. du R.G.P.D.) en vue de permettre ou de faciliter une relation contractuelle future.<\/p>\n\n\n\n<p><strong><span style=\"text-decoration: underline;\">Gestion de nos fournisseurs :<\/span><\/strong><\/p>\n\n\n\n<p><span style=\"text-decoration: underline;\">Finalit\u00e9 de l&#8217;utilisation<\/span><\/p>\n\n\n\n<p>Nous traitons les donn\u00e9es personnelles dans le cadre de nos obligations contractuelles \u00e0 l\u2019\u00e9gard du client.<\/p>\n\n\n\n<p><span style=\"text-decoration: underline;\">Fondement juridique du traitement<\/span><\/p>\n\n\n\n<p>Ce traitement est n\u00e9cessaire :&nbsp;<\/p>\n\n\n\n<ul class=\"wp-block-list\"><li>\u00e0 la r\u00e9alisation de nos obligations l\u00e9gales vis\u00e9es par le Code de droit \u00e9conomique en mati\u00e8re fiscale et comptable (article 6.1.c. du R.G.P.D.).<\/li><li>\u00e0 l\u2019ex\u00e9cution du contrat qui nous lie \u00e0 notre client (article 6.1.b. du R.G.P.D.)<\/li><\/ul>\n\n\n\n<p><strong><span style=\"text-decoration: underline;\">Gestion de la communication et de notre newsletter&nbsp;:<\/span><\/strong><\/p>\n\n\n\n<p><span style=\"text-decoration: underline;\">Finalit\u00e9 de l&#8217;utilisation<\/span><\/p>\n\n\n\n<p>Nous traitons les donn\u00e9es afin de communiquer les informations relatives \u00e0 notre activit\u00e9.<\/p>\n\n\n\n<p>Notre int\u00e9r\u00eat l\u00e9gitime est d\u2019offrir et de promouvoir nos services et\/ou de partager avec nos clients ou prospects des messages d\u2019information qui correspondent \u00e0 ce qu\u2019ils peuvent raisonnablement attendre de nous dans le contexte de notre relation existante ou future. &nbsp;<\/p>\n\n\n\n<p><span style=\"text-decoration: underline;\">Fondement juridique du traitement<\/span><\/p>\n\n\n\n<p>Ce traitement est n\u00e9cessaire \u00e0 la poursuite de notre int\u00e9r\u00eat l\u00e9gitime, d\u00e8s lors que nous avons mis en balance cet int\u00e9r\u00eat et les int\u00e9r\u00eats ou libert\u00e9s et droits fondamentaux du client (article 6.1.f. du R.G.P.D.).&nbsp;<\/p>\n\n\n\n<p>Les clients ou prospects peuvent \u00e0 tout moment s\u2019opposer \u00e0 ce traitement en nous contactant.<\/p>\n\n\n\n<p><strong><span style=\"text-decoration: underline;\">Gestion de notre contentieux \u00e9ventuel&nbsp;:<\/span><\/strong><\/p>\n\n\n\n<p><span style=\"text-decoration: underline;\">Finalit\u00e9 de l&#8217;utilisation<\/span><\/p>\n\n\n\n<p>Nous pouvons \u00eatre amen\u00e9s \u00e0 utiliser des donn\u00e9es personnelles pour d\u00e9fendre nos int\u00e9r\u00eats en justice dans le cadre d\u2019un \u00e9ventuel contentieux.<\/p>\n\n\n\n<p><span style=\"text-decoration: underline;\">Fondement juridique du traitement<\/span><\/p>\n\n\n\n<p>Ce traitement est n\u00e9cessaire \u00e0 la poursuite de notre int\u00e9r\u00eat l\u00e9gitime, d\u00e8s lors que nous avons mis en balance cet int\u00e9r\u00eat et les int\u00e9r\u00eats ou libert\u00e9s et droits fondamentaux du client (article 6.1.f. du R.G.P.D.).<\/p>\n\n\n\n<p>Nous pourrions \u00e9galement \u00eatre amen\u00e9s \u00e0 traiter des donn\u00e9es sensibles (Cat\u00e9gories particuli\u00e8res de donn\u00e9es \u00e0 caract\u00e8re personnel), chaque fois que cela est rendu n\u00e9cessaire par la constatation, l&#8217;exercice ou la d\u00e9fense de nos droits en justice conform\u00e9ment aux dispositions de l\u2019article 9 \u00a72, f. du R.G.P.D.<\/p>\n\n\n\n<h4 class=\"wp-block-heading\" id=\"2-quelles-sont-les-donnees-personnelles-qui-sont-traitees-par-le-cabinet-et-d-ou-proviennent-elles\">2. QUELLES SONT LES DONN\u00c9ES PERSONNELLES QUI SONT TRAIT\u00c9ES PAR LE CABINET ET D\u2019O\u00d9 PROVIENNENT-ELLES ?<\/h4>\n\n\n\n<p>Nous collectons uniquement des donn\u00e9es personnelles ad\u00e9quates, pertinentes et limit\u00e9es \u00e0 ce qui est n\u00e9cessaire au regard des finalit\u00e9s pour lesquelles elles sont trait\u00e9es. Suivant les finalit\u00e9s, la collecte des donn\u00e9es est r\u00e9alis\u00e9e diff\u00e9remment.<\/p>\n\n\n\n<p>Nous d\u00e9taillons ci-dessous les donn\u00e9es personnelles que nous recueillons sur nos clients, la raison de leur collecte, ainsi que les modalit\u00e9s de recueil de celles-ci.<\/p>\n\n\n\n<p><strong><u>Gestion de la d\u00e9fense des int\u00e9r\u00eats et des demandes des clients<\/u><\/strong><\/p>\n\n\n\n<p><span style=\"text-decoration: underline;\">Les donn\u00e9es collect\u00e9es et trait\u00e9es<\/span><\/p>\n\n\n\n<ul class=\"wp-block-list\"><li>Donn\u00e9es d\u2019identification personnelle (nom, pr\u00e9nom, adresse, num\u00e9ro de t\u00e9l\u00e9phone, num\u00e9ro d\u2019entreprise)<\/li><li>Donn\u00e9es d\u2019identification \u00e9lectronique (adresse mail)<\/li><li>Donn\u00e9es familiales, (noms et pr\u00e9noms des enfants, filiation, \u00e9tat civil, etc.)<\/li><li>Caract\u00e9ristiques personnelles (\u00e2ge, sexe, date de naissance, nationalit\u00e9, pays d\u2019origine, langue maternelle, langue(s) parl\u00e9e(s), etc.)<\/li><li>Caract\u00e9ristiques professionnelles (profession, dipl\u00f4me, carri\u00e8re, etc.)<\/li><li>Donn\u00e9es financi\u00e8res (n\u00b0 de compte, l\u2019avertissement extrait de r\u00f4le et la composition de m\u00e9nage ou tout documents attestant de la situation financi\u00e8re)<\/li><li>Donn\u00e9es de cat\u00e9gories particuli\u00e8res telles que les donn\u00e9es concernant la sant\u00e9, les condamnations p\u00e9nales ou les infractions, l\u2019origine raciale ou ethnique, les opinions politiques, les convictions religieuses, l\u2019appartenance \u00e0 un syndicat ou les orientations sexuelles. De mani\u00e8re g\u00e9n\u00e9rale, toutes les donn\u00e9es n\u00e9cessaires \u00e0 la constatation, \u00e0 l&#8217;exercice ou \u00e0 la d\u00e9fense des int\u00e9r\u00eats en justice de nos clients.<\/li><\/ul>\n\n\n\n<p><span style=\"text-decoration: underline;\">Modalit\u00e9s de la collecte<\/span><\/p>\n\n\n\n<ul class=\"wp-block-list\"><li>Soit directement aupr\u00e8s du client.<\/li><li>Soit aupr\u00e8s d&#8217;un tiers tel que :<ul><li>Bureau d\u2019aide juridique<\/li><li>Compagnie d\u2019assurance<\/li><li>Partie adverse<\/li><li>Conseil technique<\/li><li>Autorit\u00e9 judiciaire ou administrative<\/li><li>Autorit\u00e9 publique (police, etc.)<\/li><\/ul><\/li><li>Soit parce que le client ou une autorit\u00e9 publique les a rendues publiquement accessibles&nbsp;<\/li><\/ul>\n\n\n\n<p><strong><u>Gestion administrative des dossiers des clients<\/u><\/strong><\/p>\n\n\n\n<p><span style=\"text-decoration: underline;\">Les donn\u00e9es collect\u00e9es et trait\u00e9es<\/span><\/p>\n\n\n\n<ul class=\"wp-block-list\"><li>Donn\u00e9es d\u2019identification personnelle (nom, pr\u00e9nom, adresse, num\u00e9ro de t\u00e9l\u00e9phone, num\u00e9ro d\u2019entreprise, carte d\u2019identit\u00e9)<\/li><li>Donn\u00e9es d\u2019identification \u00e9lectronique (adresse mail)<\/li><li>Photographie (carte d\u2019identit\u00e9)<\/li><\/ul>\n\n\n\n<p><span style=\"text-decoration: underline;\">Modalit\u00e9s de la collecte<\/span><\/p>\n\n\n\n<ul class=\"wp-block-list\"><li>Soit directement aupr\u00e8s du client.<\/li><li>Soit aupr\u00e8s d&#8217;un tiers tel que :<ul><li>Bureau d\u2019aide juridique<\/li><li>Compagnie d\u2019assurance<\/li><li>Partie adverse<\/li><li>Conseil technique<\/li><li>Autorit\u00e9 judiciaire ou administrative<\/li><li>Autorit\u00e9 publique (police, etc.)<\/li><\/ul><\/li><li>Soit parce que le client ou une autorit\u00e9 publique les a rendues publiquement accessibles.<\/li><\/ul>\n\n\n\n<p><strong><u>Gestion de la comptabilit\u00e9<\/u><\/strong><\/p>\n\n\n\n<p><span style=\"text-decoration: underline;\">Les donn\u00e9es collect\u00e9es et trait\u00e9es<\/span><\/p>\n\n\n\n<ul class=\"wp-block-list\"><li>Donn\u00e9es d\u2019identification personnelle (nom, pr\u00e9nom, adresse, num\u00e9ro de t\u00e9l\u00e9phone, num\u00e9ro d\u2019entreprise)<\/li><li>Donn\u00e9es d\u2019identification \u00e9lectronique (adresse mail)<\/li><li>Donn\u00e9es financi\u00e8res (n\u00b0 de compte)&nbsp;<\/li><\/ul>\n\n\n\n<p><span style=\"text-decoration: underline;\">Modalit\u00e9s de la collecte<\/span><\/p>\n\n\n\n<ul class=\"wp-block-list\"><li>Soit directement aupr\u00e8s du client.<\/li><li>Soit parce que le client ou une autorit\u00e9 publique les a rendues publiquement accessibles.<\/li><\/ul>\n\n\n\n<p><strong><u>Gestion des relations pr\u00e9contractuelles<\/u><\/strong><\/p>\n\n\n\n<p><span style=\"text-decoration: underline;\">Les donn\u00e9es collect\u00e9es et trait\u00e9es<\/span><\/p>\n\n\n\n<ul class=\"wp-block-list\"><li>Donn\u00e9es d\u2019identification personnelle (nom, pr\u00e9nom, num\u00e9ro de t\u00e9l\u00e9phone)<\/li><li>Donn\u00e9es d\u2019identification \u00e9lectronique (adresse mail)<\/li><li>Donn\u00e9es communiqu\u00e9es par le client afin d\u2019\u00e9valuer si nous pouvons traiter son dossier ou sa demande.<\/li><li>En outre, en cas de recrutement :&nbsp;<ul><li>Donn\u00e9es familiales, (noms et pr\u00e9noms des enfants, \u00e9tat civil)<\/li><li>Caract\u00e9ristiques personnelles (\u00e2ge, sexe, date de naissance, votre pays, langue maternelle)<\/li><li>Caract\u00e9ristiques professionnelles (profession, dipl\u00f4me, carri\u00e8re, etc.)<\/li><\/ul><\/li><\/ul>\n\n\n\n<p><span style=\"text-decoration: underline;\">Modalit\u00e9s de la collecte<\/span><\/p>\n\n\n\n<ul class=\"wp-block-list\"><li>Directement aupr\u00e8s du client.<\/li><\/ul>\n\n\n\n<p><strong><u>Gestion de nos fournisseurs<\/u><\/strong><\/p>\n\n\n\n<p><span style=\"text-decoration: underline;\">Les donn\u00e9es collect\u00e9es et trait\u00e9es<\/span><\/p>\n\n\n\n<ul class=\"wp-block-list\"><li>Donn\u00e9es d\u2019identification personnelle (nom, pr\u00e9nom, adresse, num\u00e9ro de t\u00e9l\u00e9phone, num\u00e9ro d\u2019entreprise, num\u00e9ro de commande)<\/li><li>Donn\u00e9es financi\u00e8res (n\u00b0 de compte)<\/li><\/ul>\n\n\n\n<p><span style=\"text-decoration: underline;\">Modalit\u00e9s de la collecte<\/span><\/p>\n\n\n\n<ul class=\"wp-block-list\"><li>Soit directement aupr\u00e8s du client.<\/li><li>Soit parce que le client ou une autorit\u00e9 publique les a rendues publiquement accessibles (Banque Carrefour des entreprises)<\/li><\/ul>\n\n\n\n<p><strong><u>Gestion de la communication de notre newsletter<\/u><\/strong><\/p>\n\n\n\n<p><span style=\"text-decoration: underline;\">Les donn\u00e9es collect\u00e9es et trait\u00e9es<\/span><\/p>\n\n\n\n<ul class=\"wp-block-list\"><li>Donn\u00e9es d\u2019identification personnelle (nom, pr\u00e9nom, adresse, num\u00e9ro de t\u00e9l\u00e9phone)<\/li><li>Donn\u00e9es d\u2019identification \u00e9lectronique (adresse mail)<\/li><\/ul>\n\n\n\n<p><span style=\"text-decoration: underline;\">Modalit\u00e9s de la collecte<\/span><\/p>\n\n\n\n<ul class=\"wp-block-list\"><li>Soit directement aupr\u00e8s du client ou prospect.<\/li><li>Soit parce que le client ou le prospect les a rendues publiquement accessibles&nbsp;<\/li><\/ul>\n\n\n\n<p><strong><u>Gestion du contentieux<\/u><\/strong><\/p>\n\n\n\n<p><span style=\"text-decoration: underline;\">Les donn\u00e9es collect\u00e9es et trait\u00e9es<\/span><\/p>\n\n\n\n<ul class=\"wp-block-list\"><li>Donn\u00e9es d\u2019identification personnelle (nom, pr\u00e9nom, adresse, num\u00e9ro de t\u00e9l\u00e9phone, num\u00e9ro d\u2019entreprise)<\/li><li>Donn\u00e9es d\u2019identification \u00e9lectronique (adresse mail)<\/li><li>Caract\u00e9ristiques professionnelles (profession, dipl\u00f4me, carri\u00e8re, etc.)<\/li><li>Donn\u00e9es financi\u00e8res (n\u00b0 de compte, l\u2019avertissement extrait de r\u00f4le et la composition de m\u00e9nage ou tout documents attestant de la situation financi\u00e8re)<\/li><li>Donn\u00e9es de cat\u00e9gories particuli\u00e8res telles que les donn\u00e9es concernant la sant\u00e9, les condamnations p\u00e9nales ou les infractions, l\u2019origine raciale ou ethnique, les opinions politiques, les convictions religieuses, l\u2019appartenance \u00e0 un syndicat ou les orientations sexuelles. De mani\u00e8re g\u00e9n\u00e9rale toutes les donn\u00e9es n\u00e9cessaires \u00e0 la constatation, \u00e0 l&#8217;exercice ou \u00e0 la d\u00e9fense des int\u00e9r\u00eats en justice de nos clients<\/li><li>Photographies ou images.<\/li><\/ul>\n\n\n\n<p><span style=\"text-decoration: underline;\">Modalit\u00e9s de la collecte<\/span><\/p>\n\n\n\n<ul class=\"wp-block-list\"><li>Soit directement aupr\u00e8s du client.<\/li><li>Soit aupr\u00e8s de la compagnie d\u2019assurance<\/li><li>Soit parce que le client ou une autorit\u00e9 publique les a rendues publiquement accessibles.&nbsp;<\/li><\/ul>\n\n\n\n<h4 class=\"wp-block-heading\" id=\"3-avec-qui-le-cabinet-partage-t-il-les-donnees-personnelles\">3. AVEC QUI LE CABINET PARTAGE-T-IL LES DONN\u00c9ES PERSONNELLES ?<\/h4>\n\n\n\n<p>Tout partage de donn\u00e9es s&#8217;effectue dans le respect du secret professionnel, des r\u00e8gles d\u00e9ontologiques et du pr\u00e9sent document.<\/p>\n\n\n\n<p>Les donn\u00e9es \u00e9num\u00e9r\u00e9es ci-dessus sont accessibles aux personnes membres de l\u2019\u00e9quipe du cabinet ou tout confr\u00e8re, intervenant comme collaborateur ou avocat sp\u00e9cialis\u00e9, ou tout conseil technique dans la stricte mesure n\u00e9cessaire \u00e0 l\u2019ex\u00e9cution des obligations du cabinet.<\/p>\n\n\n\n<p>Dans le cadre de la d\u00e9fense de ses int\u00e9r\u00eats, du mandat donn\u00e9 par le client et dans la mesure n\u00e9cessaire, le cabinet communique les donn\u00e9es personnelles du client aux autorit\u00e9s judiciaires ou administratives ou auxiliaires de justice comp\u00e9tents.<\/p>\n\n\n\n<p>Le cabinet est susceptible de transmettre ces donn\u00e9es personnelles aux parties adverses dans le cadre de la d\u00e9fense des int\u00e9r\u00eats du client et dans la mesure n\u00e9cessaire.<\/p>\n\n\n\n<p>Le cabinet est susceptible de transmettre, le cas \u00e9ch\u00e9ant, les donn\u00e9es du client \u00e0 des organismes bancaires ou d\u2019assurances dans le cadre de la d\u00e9fense des int\u00e9r\u00eats du client, dans le respect du secret professionnel et dans la mesure n\u00e9cessaire.<\/p>\n\n\n\n<p>Le cabinet peut \u00eatre amen\u00e9 \u00e0 devoir transmettre les donn\u00e9es personnelles \u00e0 des tiers en vertu de la loi, de d\u00e9crets ou d\u2019autres dispositions r\u00e9glementaires auxquelles il ne peut se soustraire. \u00c0 titre d\u2019exemple, nous pouvons \u00eatre amen\u00e9s \u00e0 partager les donn\u00e9es du client avec le bureau d\u2019aide juridique s\u2019il b\u00e9n\u00e9ficie de son intervention.<\/p>\n\n\n\n<p>Le cabinet peut \u00e9galement partager certaines donn\u00e9es avec ses cocontractants, qualifi\u00e9s de \u00ab sous-traitant \u00bb au sens du R.G.P.D., dans la mesure strictement n\u00e9cessaire au fonctionnement d\u2019applications ou syst\u00e8mes de gestion informatis\u00e9s ou non informatis\u00e9s auxquels le cabinet a souscrit.<\/p>\n\n\n\n<p>En toutes circonstances, nous assurons la protection des donn\u00e9es des clients par des conventions assurant la confidentialit\u00e9.<\/p>\n\n\n\n<p>Les prestataires de services avec qui nous sommes amen\u00e9s \u00e0 partager les donn\u00e9es des clients sont les suivants :<\/p>\n\n\n\n<ul class=\"wp-block-list\"><li>Prestataires de solutions d\u2019envoi d\u2019e-mails : en Europe.<\/li><li>Prestataires de solutions d\u2019envoi postal : en Europe.<\/li><li>Prestataires de solutions informatiques et de maintenance de l\u2019infrastructure et des syst\u00e8mes : en Europe.<\/li><li>Prestataires de service d\u2019h\u00e9bergement \/ Cloud : en Europe.<\/li><li>Comptables et prestataires de services financiers : en Europe.<\/li><li>Banques \/ Assurances&nbsp;: en Europe.<\/li><li>Assureur tiers-payeur : en Europe.<\/li><li>Bureau d\u2019aide juridique (Barreaux) : en Europe.<\/li><li>Avocats \u2013 collaborateurs \u2013 avocats-stagiaires : en Europe.<\/li><li>L\u2019Ordre des barreaux francophones et germanophone (Avocats.be) : en Europe.<\/li><li>Prestataire de service de copies : en Europe.<\/li><li>R\u00e9seaux sociaux : en Europe.<\/li><\/ul>\n\n\n\n<p>Pour des raisons de s\u00e9curit\u00e9, la liste des sous-traitants, leur domaine d\u2019activit\u00e9s, la finalit\u00e9 poursuivie et le cas \u00e9ch\u00e9ant le pays dans lequel les donn\u00e9es sont trait\u00e9es et h\u00e9berg\u00e9es ne sont pas disponibles sur notre site mais \u00e0 la premi\u00e8re demande des personnes concern\u00e9es.<\/p>\n\n\n\n<h4 class=\"wp-block-heading\" id=\"4-combien-de-temps-le-cabinet-garde-t-il-les-donnees-personnelles\">4. COMBIEN DE TEMPS LE CABINET GARDE-T-IL LES DONN\u00c9ES PERSONNELLES ?<\/h4>\n\n\n\n<p>La dur\u00e9e de conservation des donn\u00e9es personnelles varie selon les finalit\u00e9s des traitements de ces donn\u00e9es. Cette dur\u00e9e est limit\u00e9e en tenant compte des \u00e9ventuelles obligations de conservation que la loi nous impose.<\/p>\n\n\n\n<ul class=\"wp-block-list\"><li>Gestion de la d\u00e9fense des int\u00e9r\u00eats et des demandes des clients : la dur\u00e9e de conservation est de 5 ans \u00e0 compter de la fin de la relation avec le cabinet.<\/li><li>Gestion administrative des dossiers des clients : la dur\u00e9e de conservation est de 10 ans \u00e0 compter de la cl\u00f4ture du dossier.&nbsp;<\/li><li>Gestion de la comptabilit\u00e9 : la dur\u00e9e de conservation est de 7 ans \u00e0 compter de l\u2019ann\u00e9e durant laquelle le client a \u00e9t\u00e9 encod\u00e9 comptablement.<\/li><li>Gestion des relations pr\u00e9contractuelles : les donn\u00e9es sont imm\u00e9diatement supprim\u00e9es, \u00e0 l\u2019exception des C.V., que nous pouvons conserver pendant une ann\u00e9e dans notre r\u00e9serve de recrutement.<\/li><li>Gestion de nos fournisseurs : la&nbsp;dur\u00e9e de conservation est de 7 ans \u00e0 compter de l\u2019ann\u00e9e durant laquelle le client a \u00e9t\u00e9 encod\u00e9 comptablement.<\/li><li>Gestion de la communication de notre newsletter : la dur\u00e9e de conservation est de 2 ans \u00e0 partir de notre dernier contact.<\/li><li>Gestion du contentieux : les donn\u00e9es sont supprim\u00e9es apr\u00e8s l&#8217;ex\u00e9cution du jugement ou la cl\u00f4ture d\u00e9finitive du litige.<\/li><\/ul>\n\n\n\n<h4 class=\"wp-block-heading\" id=\"5-le-cabinet-transfere-t-il-les-donnees-personnelles-en-dehors-de-l-union-europeenne\">5. LE CABINET TRANSFERE-T-IL LES DONNEES PERSONNELLES EN DEHORS DE L\u2019UNION EUROPEENNE ?<\/h4>\n\n\n\n<p>Les transferts des donn\u00e9es vers un pays hors de l\u2019Union europ\u00e9enne ou de l\u2019Espace \u00e9conomique europ\u00e9en ne seront autoris\u00e9s que si et seulement si :<\/p>\n\n\n\n<ul class=\"wp-block-list\"><li>La Commission europ\u00e9enne a rendu une d\u00e9cision qui \u00e9tablit que ce pays assure un niveau de protection ad\u00e9quat des donn\u00e9es, c\u2019est-\u00e0-dire \u00e9quivalent \u00e0 celui pr\u00e9vu par la l\u00e9gislation europ\u00e9enne. Les donn\u00e9es personnelles seront transf\u00e9r\u00e9es sur ce fondement.<\/li><li>Le transfert est couvert par une garantie appropri\u00e9e accordant un niveau de protection des donn\u00e9es \u00e9quivalent \u00e0 celui pr\u00e9vu par la l\u00e9gislation europ\u00e9enne, telle que les clauses contractuelles types de la Commission, un Code de conduite, une certification, des r\u00e8gles d&#8217;entreprise contraignantes, le consentement.<\/li><\/ul>\n\n\n\n<p>En l&#8217;absence de d\u00e9cision d&#8217;ad\u00e9quation ou des garanties appropri\u00e9es, un transfert ou un ensemble de transferts de donn\u00e9es \u00e0 caract\u00e8re personnel vers un pays tiers reste possible si ce transfert est n\u00e9cessaire \u00e0 la constatation, \u00e0 l&#8217;exercice ou \u00e0 la d\u00e9fense de droits en justice.<\/p>\n\n\n\n<h4 class=\"wp-block-heading\" id=\"6-comment-protegeons-nous-les-donnees-personnelles-des-clients\">6. COMMENT PROT\u00c9GEONS-NOUS LES DONN\u00c9ES PERSONNELLES DES CLIENTS ?<\/h4>\n\n\n\n<p>En toutes circonstances, nous assurons un niveau ad\u00e9quat de s\u00e9curit\u00e9 technique et organisationnelle des donn\u00e9es personnelles des clients, en vue de les pr\u00e9munir de toute fuite de donn\u00e9es, notamment la perte, la destruction, la divulgation publique, l\u2019acc\u00e8s non autoris\u00e9 ou tout usage abusif. Cependant et si le client a connaissance de l\u2019existence d\u2019une fuite de donn\u00e9es ou s\u2019il en suspecte une, nous lui demandons de nous la signaler imm\u00e9diatement en nous contactant.<\/p>\n\n\n\n<p>Pour des raisons de s\u00e9curit\u00e9, la liste des sous-traitants, leur domaine d\u2019activit\u00e9s, la finalit\u00e9 poursuivie et le cas \u00e9ch\u00e9ant le pays dans lequel les donn\u00e9es sont trait\u00e9es et h\u00e9berg\u00e9es ne sont pas disponibles sur notre site mais \u00e0 la premi\u00e8re demande des personnes concern\u00e9es.<\/p>\n\n\n\n<h4 class=\"wp-block-heading\" id=\"7-quels-sont-les-droits-des-clients-et-comment-nous-contacter\">7. QUELS SONT LES DROITS DES CLIENTS ET COMMENT NOUS CONTACTER ?<\/h4>\n\n\n\n<p>Except\u00e9 si une disposition l\u00e9gale en vigueur en Belgique ne le permet pas, en ce compris le R.G.P.D., ou si le secret professionnel s\u2019y oppose, les clients ont les droits suivants :<\/p>\n\n\n\n<ul class=\"wp-block-list\"><li>Le droit d\u2019acc\u00e8s en ce compris le droit de savoir que le cabinet traite leurs donn\u00e9es personnelles ;<\/li><li>Le droit de recevoir une copie des donn\u00e9es trait\u00e9es ;<\/li><li>Le droit de rectification des donn\u00e9es trait\u00e9es ;<\/li><li>Le droit de retrait du consentement ;<\/li><li>Le droit de s\u2019opposer au traitement de leurs donn\u00e9es personnelles notamment si leurs donn\u00e9es personnelles sont trait\u00e9es sur la base de notre int\u00e9r\u00eat l\u00e9gitime ;<\/li><li>Le droit de limiter le traitement des donn\u00e9es trait\u00e9es ;<ul><li>Si le client conteste l\u2019exactitude de ces donn\u00e9es. Dans l\u2019attente de l\u2019\u00e9valuation des int\u00e9r\u00eats en pr\u00e9sence avant l\u2019exercice du droit d\u2019opposition au traitement de certaines donn\u00e9es personnelles.<\/li><li>Si le traitement des donn\u00e9es personnelles est ill\u00e9gitime, mais que le client ne souhaite n\u00e9anmoins pas exercer son droit \u00e0 l\u2019effacement de ces donn\u00e9es.<\/li><li>Si nous n\u2019avons plus besoin des donn\u00e9es personnelles du client, mais qu\u2019il en a besoin dans le cadre d\u2019une action en justice.<\/li><li>Le droit \u00e0 l\u2019effacement des donn\u00e9es trait\u00e9es ;<\/li><\/ul><\/li><li>Le droit \u00e0 la portabilit\u00e9 des donn\u00e9es trait\u00e9es ;<\/li><li>Le droit de d\u00e9poser une plainte aupr\u00e8s de l\u2019Autorit\u00e9 de protection des donn\u00e9es :<ul><li>www.autoriteprotectiondonnees.be<\/li><li>Rue de la Presse, 35 \u00e0 1000 Bruxelles<\/li><li>T\u00e9l\u00e9phone : <a href=\"tel:003222744800\">+32 (0)2 274 48 00<\/a><\/li><li>T\u00e9l\u00e9copie : <a href=\"tel:003222744835\">+32 (0)2 274 48 35<\/a><\/li><li>Courriel : <a href=\"mailto:contact@apd-gba.be\">contact@apd-gba.be<\/a><\/li><li>Pour de plus amples informations sur les plaintes et voies de recours possibles, les clients sont invit\u00e9s \u00e0 consulter la page suivante de l\u2019Autorit\u00e9 de protection des donn\u00e9es : <a rel=\"noreferrer noopener\" href=\"https:\/\/www.autoriteprotectiondonnees.be\/citoyen\/agir\/introduire-une-plainte\" target=\"_blank\">https:\/\/www.autoriteprotectiondonnees.be\/citoyen\/agir\/introduire-une-plainte<\/a><\/li><\/ul><\/li><\/ul>\n\n\n\n<p>Nous ne manquerons pas de donner suite aux demandes du client dans les meilleurs d\u00e9lais et au plus tard dans le mois qui suit la r\u00e9ception de sa demande, nous l\u2019informerons des suites que nous lui avons r\u00e9serv\u00e9es.<\/p>\n\n\n\n<p>Selon la difficult\u00e9 de sa demande ou le nombre de requ\u00eates que nous recevons d\u2019autres personnes, ce d\u00e9lai pourra \u00eatre prolong\u00e9 de deux mois. Dans ce cas, le client sera averti de cette prolongation dans le mois suivant la r\u00e9ception de son formulaire.<\/p>\n\n\n\n<p>En toutes circonstances, lors de la communication de ces informations, nous sommes toujours dans l\u2019obligation de tenir compte des droits et libert\u00e9s des autres personnes.<\/p>\n\n\n\n<p>Le client peut exercer ses droits en s\u2019adressant au cabinet \u00e0 l\u2019adresse mail ou \u00e0 l\u2019adresse postales renseign\u00e9es plus haut.<\/p>\n\n\n\n<p>Nous prions nos clients de joindre \u00e0 leur demande les pi\u00e8ces ou informations n\u00e9cessaires \u00e0 prouver leur identit\u00e9, \u00e0 d\u00e9faut nous pourrions leur revenir afin de solliciter une preuve de leur identit\u00e9, par exemple une copie de leur carte d\u2019identit\u00e9, en vue de donner les suites utiles \u00e0 leur demande.<\/p>\n\n\n\n<p>Enfin, lorsque la demande d\u2019exercice de droit est manifestement infond\u00e9e ou excessive, notamment en raison de son caract\u00e8re r\u00e9p\u00e9titif, elle pourra \u00eatre refus\u00e9e ou faire l\u2019objet du paiement de frais raisonnables qui tiennent compte des co\u00fbts administratifs support\u00e9s pour fournir les informations, proc\u00e9der aux communications ou prendre les mesures demand\u00e9es.<\/p>\n\n\n\n<h4 class=\"wp-block-heading\" id=\"8-quel-est-le-droit-applicable-et-la-juridiction-competente\">8. QUEL EST LE DROIT APPLICABLE ET LA JURIDICTION COMPETENTE ?<\/h4>\n\n\n\n<p>La pr\u00e9sente Politique est r\u00e9gie par le droit belge. Tout litige relatif \u00e0 l\u2019interpr\u00e9tation ou l\u2019ex\u00e9cution de la pr\u00e9sente Politique sera soumis au droit belge.<\/p>\n\n\n\n<h4 class=\"wp-block-heading\" id=\"9-utilisons-nous-des-cookies-ou-autres-traceurs\">9. UTILISONS-NOUS DES COOKIES OU AUTRES TRACEURS ?<\/h4>\n\n\n\n<p>Pour en savoir plus sur notre Politique en mati\u00e8re de cookies, veuillez consulter notre site internet www.moerynck.be, \u00ab Mentions l\u00e9gales \u00bb, \u00ab Liens hypertextes et cookies \u00bb<\/p>\n\n\n\n<h4 class=\"wp-block-heading\" id=\"10-modifications\">10. MODIFICATIONS<\/h4>\n\n\n\n<p>Le Cabinet peut \u00e0 tout moment apporter, pour diff\u00e9rentes raisons, des corrections, des compl\u00e9ments ou des modifications au pr\u00e9sent document d&#8217;information sur la politique de protection des donn\u00e9es. La version la plus actuelle peut \u00eatre consult\u00e9e en permanence sur notre site internet.<\/p>\n\n\n\n<p>Derni\u00e8re mise \u00e0 jour le 25 octobre 2021<\/p>\n","protected":false},"excerpt":{"rendered":"<p>Avocats La SRL PIERRE MO\u00cbRYNCK est la soci\u00e9t\u00e9 au travers de laquelle sont exerc\u00e9es les activit\u00e9s de Pierre MO\u00cbRYNCK, avocat.Les avocats pr\u00e9sent\u00e9s sur ce site ne sont pas associ\u00e9s. Pierre MO\u00cbRYNCK est avocat au Barreau de Bruxelles. Informations et r\u00e8gles d\u00e9ontologiques :&nbsp;www.barreaudebruxelles.be. Le site Le site www.moerynck.be est administr\u00e9 par la soci\u00e9t\u00e9&nbsp;Pierre Mo\u00ebrynck avocat SRL. [&hellip;]<\/p>\n","protected":false},"author":1,"featured_media":0,"parent":0,"menu_order":0,"comment_status":"closed","ping_status":"closed","template":"","meta":{"footnotes":""},"class_list":["post-281","page","type-page","status-publish","hentry"],"_links":{"self":[{"href":"https:\/\/moerynck.be\/de\/wp-json\/wp\/v2\/pages\/281","targetHints":{"allow":["GET"]}}],"collection":[{"href":"https:\/\/moerynck.be\/de\/wp-json\/wp\/v2\/pages"}],"about":[{"href":"https:\/\/moerynck.be\/de\/wp-json\/wp\/v2\/types\/page"}],"author":[{"embeddable":true,"href":"https:\/\/moerynck.be\/de\/wp-json\/wp\/v2\/users\/1"}],"replies":[{"embeddable":true,"href":"https:\/\/moerynck.be\/de\/wp-json\/wp\/v2\/comments?post=281"}],"version-history":[{"count":4,"href":"https:\/\/moerynck.be\/de\/wp-json\/wp\/v2\/pages\/281\/revisions"}],"predecessor-version":[{"id":433,"href":"https:\/\/moerynck.be\/de\/wp-json\/wp\/v2\/pages\/281\/revisions\/433"}],"wp:attachment":[{"href":"https:\/\/moerynck.be\/de\/wp-json\/wp\/v2\/media?parent=281"}],"curies":[{"name":"wp","href":"https:\/\/api.w.org\/{rel}","templated":true}]}}