{"id":306,"date":"2022-02-15T15:15:41","date_gmt":"2022-02-15T14:15:41","guid":{"rendered":"https:\/\/moerynck.be\/equipe\/"},"modified":"2024-01-09T15:40:04","modified_gmt":"2024-01-09T14:40:04","slug":"team","status":"publish","type":"page","link":"https:\/\/moerynck.be\/de\/team\/","title":{"rendered":"Team"},"content":{"rendered":"\n<figure class=\"wp-block-image size-full\"><img loading=\"lazy\" decoding=\"async\" width=\"980\" height=\"335\" src=\"https:\/\/moerynck.be\/wp-content\/uploads\/2022\/02\/banner-equipe.jpeg\" alt=\"\" class=\"wp-image-69\" srcset=\"https:\/\/moerynck.be\/wp-content\/uploads\/2022\/02\/banner-equipe.jpeg 980w, https:\/\/moerynck.be\/wp-content\/uploads\/2022\/02\/banner-equipe-300x103.jpeg 300w, https:\/\/moerynck.be\/wp-content\/uploads\/2022\/02\/banner-equipe-768x263.jpeg 768w\" sizes=\"auto, (max-width: 980px) 100vw, 980px\" \/><\/figure>\n\n\n\n<div class=\"wp-block-columns is-layout-flex wp-container-core-columns-is-layout-9d6595d7 wp-block-columns-is-layout-flex\">\n<div class=\"wp-block-column is-layout-flow wp-block-column-is-layout-flow\">\n<div class=\"wp-block-columns container--picto is-layout-flex wp-container-core-columns-is-layout-9d6595d7 wp-block-columns-is-layout-flex\">\n<div class=\"wp-block-column is-layout-flow wp-block-column-is-layout-flow\" style=\"flex-basis:33.33%\">\n<figure class=\"wp-block-image size-full\"><img loading=\"lazy\" decoding=\"async\" width=\"60\" height=\"50\" src=\"https:\/\/moerynck.be\/wp-content\/uploads\/2022\/02\/picto-avocats.png\" alt=\"\" class=\"wp-image-87\"\/><\/figure>\n<\/div>\n\n\n\n<div class=\"wp-block-column is-layout-flow wp-block-column-is-layout-flow\" style=\"flex-basis:66.66%\">\n<h2 class=\"wp-block-heading\" id=\"anwalte\">Anw\u00e4lte<\/h2>\n<\/div>\n<\/div>\n<\/div>\n<\/div>\n\n\n\n<h3 class=\"wp-block-heading\" id=\"pierre-moerynck-1\">Pierre Mo\u00ebrynck<\/h3>\n\n\n\n<div class=\"wp-block-columns flex--img is-layout-flex wp-container-core-columns-is-layout-9d6595d7 wp-block-columns-is-layout-flex\">\n<div class=\"wp-block-column is-layout-flow wp-block-column-is-layout-flow\" style=\"flex-basis:33.33%\">\n<figure class=\"wp-block-image size-full is-resized\"><img loading=\"lazy\" decoding=\"async\" width=\"480\" height=\"720\" src=\"https:\/\/moerynck.be\/wp-content\/uploads\/2022\/02\/Pierre-Moerynck_0.jpeg\" alt=\"\" class=\"wp-image-73\" srcset=\"https:\/\/moerynck.be\/wp-content\/uploads\/2022\/02\/Pierre-Moerynck_0.jpeg 480w, https:\/\/moerynck.be\/wp-content\/uploads\/2022\/02\/Pierre-Moerynck_0-200x300.jpeg 200w\" sizes=\"auto, (max-width: 480px) 100vw, 480px\" \/><\/figure>\n<\/div>\n\n\n\n<div class=\"wp-block-column is-layout-flow wp-block-column-is-layout-flow\" style=\"flex-basis:66.66%\">\n<p>Geboren 1967 in Bastogne, Studium der Rechtswissenschaften an der Katholischen Universit\u00e4t L\u00f6wen mit Auszeichnung (1990), Mitglied der Anwaltskammer Namur (1991) und der Anwaltskammer Br\u00fcssel (2001), Fachanwalt f\u00fcr St\u00e4dtebau- und Umweltrecht (2004), Fortbildung f\u00fcr Kassationsverfahren in Strafsachen (2019), Gastdozent an der Universit\u00e4t Saint-Louis in Br\u00fcssel (Masterstudiengang Umweltrecht und \u00f6ffentliches Immobilienrecht; &#8220;Unternehmen und Umwelt&#8221;). Pierre Mo\u00ebrynck wirkt an zahlreichen Ver\u00f6ffentlichungen, Artikeln und Konferenzen zu Themen wie Umwelthaftung, Umweltgenehmigungen, Bodenverschmutzung sowie St\u00e4dtebaudelikte mit.<\/p>\n\n\n\n<p><a href=\"\/de\/know-how#veroffentlichungen-und-schulungen\">VER\u00d6FFENTLICHUNGEN UND <\/a><a href=\"http:\/\/de\/\/know-how\">SCHULUNGEN<\/a><\/p>\n<\/div>\n<\/div>\n\n\n\n<h3 class=\"wp-block-heading\" id=\"julien-laurent\">Julien Laurent<\/h3>\n\n\n\n<div class=\"wp-block-columns flex--img is-layout-flex wp-container-core-columns-is-layout-9d6595d7 wp-block-columns-is-layout-flex\">\n<div class=\"wp-block-column is-layout-flow wp-block-column-is-layout-flow\" style=\"flex-basis:33.33%\">\n<figure class=\"wp-block-image size-full is-resized\"><img loading=\"lazy\" decoding=\"async\" width=\"480\" height=\"720\" src=\"https:\/\/moerynck.be\/wp-content\/uploads\/2022\/02\/Julien-Laurent.jpeg\" alt=\"\" class=\"wp-image-139\" srcset=\"https:\/\/moerynck.be\/wp-content\/uploads\/2022\/02\/Julien-Laurent.jpeg 480w, https:\/\/moerynck.be\/wp-content\/uploads\/2022\/02\/Julien-Laurent-200x300.jpeg 200w\" sizes=\"auto, (max-width: 480px) 100vw, 480px\" \/><\/figure>\n<\/div>\n\n\n\n<div class=\"wp-block-column is-layout-flow wp-block-column-is-layout-flow\" style=\"flex-basis:66.66%\">\n<p>Geboren 1992 in Libramont, Master in Rechtswissenschaften (2016) und Master in Notarwesen mit Auszeichnung (2017) der Freien Universit\u00e4t Br\u00fcssel, Mitglied der Br\u00fcsseler Anwaltskammer (2018), Fortbildung f\u00fcr Kassationsverfahren in Strafsachen (2020). Julien Laurent hat sich dem St\u00e4dtebau- und Umweltrecht verschrieben, sowohl in administrativen Belangen (Verwaltungsbeschwerden, Staatsrat etc.) sowie zivilen und strafrechtlichen Aspekten.&nbsp;<\/p>\n<\/div>\n<\/div>\n\n\n\n<h3 class=\"wp-block-heading\" id=\"julien-laurent\">Adrien Pironet<\/h3>\n\n\n\n<div class=\"wp-block-columns flex--img is-layout-flex wp-container-core-columns-is-layout-9d6595d7 wp-block-columns-is-layout-flex\">\n<div class=\"wp-block-column is-layout-flow wp-block-column-is-layout-flow\" style=\"flex-basis:33.33%\">\n<figure class=\"wp-block-image size-full is-resized\"><img loading=\"lazy\" decoding=\"async\" width=\"470\" height=\"720\" src=\"https:\/\/moerynck.be\/wp-content\/uploads\/2024\/01\/Adrien-Pironet.jpg\" alt=\"\" class=\"wp-image-548\" srcset=\"https:\/\/moerynck.be\/wp-content\/uploads\/2024\/01\/Adrien-Pironet.jpg 470w, https:\/\/moerynck.be\/wp-content\/uploads\/2024\/01\/Adrien-Pironet-196x300.jpg 196w\" sizes=\"auto, (max-width: 470px) 100vw, 470px\" \/><\/figure>\n<\/div>\n\n\n\n<div class=\"wp-block-column is-layout-flow wp-block-column-is-layout-flow\" style=\"flex-basis:66.66%\">\n<p>Geboren in Marche-en-Famenne im Jahr 1997, hat einen Master-Abschluss in Zivil- und Strafrecht von der Universit\u00e9 Libre de Bruxelles (2023) und ist seit 2023 Rechtsanwalt bei der Anwaltskammer Br\u00fcssel.&nbsp;Er praktiziert t\u00e4glich das Recht des Stadtbaus und der Umwelt mit besonderem Interesse an Raumordnung und st\u00e4dtebaulichen Verst\u00f6\u00dfen. Seit 2019 in der \u00d6ffentlichkeit engagiert als Mitglied des Sozialhilfeausschusses (CPAS) und war von 2021 bis 2023 als Tutor-Assistent im Verwaltungsrecht an der ULB t\u00e4tig.<\/p>\n<\/div>\n<\/div>\n\n\n\n<div class=\"wp-block-columns is-layout-flex wp-container-core-columns-is-layout-9d6595d7 wp-block-columns-is-layout-flex\">\n<div class=\"wp-block-column is-layout-flow wp-block-column-is-layout-flow\">\n<div class=\"wp-block-columns container--picto is-layout-flex wp-container-core-columns-is-layout-9d6595d7 wp-block-columns-is-layout-flex\">\n<div class=\"wp-block-column is-layout-flow wp-block-column-is-layout-flow\" style=\"flex-basis:33.33%\">\n<figure class=\"wp-block-image size-full\"><img loading=\"lazy\" decoding=\"async\" width=\"68\" height=\"50\" src=\"https:\/\/moerynck.be\/wp-content\/uploads\/2022\/02\/picto-stage.png\" alt=\"\" class=\"wp-image-110\"\/><\/figure>\n<\/div>\n\n\n\n<div class=\"wp-block-column is-layout-flow wp-block-column-is-layout-flow\" style=\"flex-basis:66.66%\">\n<h2 class=\"wp-block-heading\" id=\"werden-sie-teil-des-teams\">Werden sie teil des teams<\/h2>\n<\/div>\n<\/div>\n<\/div>\n<\/div>\n\n\n\n<div class=\"wp-block-columns flex--img is-layout-flex wp-container-core-columns-is-layout-9d6595d7 wp-block-columns-is-layout-flex\">\n<div class=\"wp-block-column is-layout-flow wp-block-column-is-layout-flow\" style=\"flex-basis:33.33%\">\n<figure class=\"wp-block-image size-full\"><img loading=\"lazy\" decoding=\"async\" width=\"480\" height=\"720\" src=\"https:\/\/moerynck.be\/wp-content\/uploads\/2022\/03\/moerynck-futurcollegue.jpg\" alt=\"\" class=\"wp-image-388\" srcset=\"https:\/\/moerynck.be\/wp-content\/uploads\/2022\/03\/moerynck-futurcollegue.jpg 480w, https:\/\/moerynck.be\/wp-content\/uploads\/2022\/03\/moerynck-futurcollegue-200x300.jpg 200w\" sizes=\"auto, (max-width: 480px) 100vw, 480px\" \/><\/figure>\n<\/div>\n\n\n\n<div class=\"wp-block-column is-layout-flow wp-block-column-is-layout-flow\" style=\"flex-basis:66.66%\">\n<h3 class=\"wp-block-heading\" id=\"rechtsanwaltspraktikant-in\">Rechtsanwaltspraktikant(in)<\/h3>\n\n\n\n<p>Sie m\u00f6chten in der Welt des Rechts t\u00e4tig werden, interessieren sich f\u00fcr Verteidigung oder f\u00fchlen sich berufen, Anwalt zu werden? Tauchen Sie ein in einen spannenden Beruf mit anspruchsvoller Ausbildung.<\/p>\n\n\n\n<p><a href=\"\/de\/kontakt\">KONTAKT<\/a><\/p>\n\n\n\n<h3 class=\"wp-block-heading\" id=\"associate\">Associate<\/h3>\n\n\n\n<p>Sie sind erfahrene(r) Anwalt\/Anw\u00e4ltin mit entsprechenden Kompetenzen? Egal ob im Home-Office oder vor Ort \u2013 sprechen Sie uns an!&nbsp;<\/p>\n\n\n\n<p><a href=\"\/de\/kontakt\">KONTAKT<\/a><\/p>\n\n\n\n<h3 class=\"wp-block-heading\" id=\"anwalt-anwaltin-mit-projekten-oder-ideen\">Anwalt\/Anw\u00e4ltin mit Projekten oder Ideen?<\/h3>\n\n\n\n<p>Sie sind Anwalt\/Anw\u00e4ltin und m\u00f6chten ein Projekt planen, Ideen verwirklichen oder sind auf der Suche nach einem Coworking Space? Sprechen wir \u00fcber die M\u00f6glichkeiten, die sich uns bieten!<\/p>\n\n\n\n<p><a href=\"\/de\/kontakt\">KONTAKT<\/a><\/p>\n\n\n\n<h3 class=\"wp-block-heading\" id=\"studentische-r-praktikant-in\">Studentische(r) Praktikant(in)<\/h3>\n\n\n\n<p>Sie sind Student(in) und suchen ein Sommerpraktikum oder ein Rechtspraktikum im Rahmen Ihres Bachelor- oder Masterstudiums? Unsere T\u00fcren stehen f\u00fcr Sie offen, damit Sie in den Beruf eintauchen k\u00f6nnen.<\/p>\n\n\n\n<p><a href=\"\/de\/kontakt\">KONTAKT<\/a><\/p>\n\n\n\n<h3 class=\"wp-block-heading\" id=\"studentische-hilfskraft\">Studentische Hilfskraft<\/h3>\n\n\n\n<p>Sie sind Student(in) und auf der Suche nach einer T\u00e4tigkeit w\u00e4hrend des Jahres oder in den Ferien? Packen Sie mit an und werfen Sie einen Blick auf unsere Angebote.<\/p>\n\n\n\n<p><a href=\"\/de\/kontakt\">KONTAKT<\/a><\/p>\n<\/div>\n<\/div>\n\n\n\n<div class=\"wp-block-columns container--picto is-layout-flex wp-container-core-columns-is-layout-9d6595d7 wp-block-columns-is-layout-flex\">\n<div class=\"wp-block-column is-layout-flow wp-block-column-is-layout-flow\" style=\"flex-basis:33.33%\">\n<figure class=\"wp-block-image size-full\"><img loading=\"lazy\" decoding=\"async\" width=\"43\" height=\"50\" src=\"https:\/\/moerynck.be\/wp-content\/uploads\/2022\/02\/picto-correspondants-1.png\" alt=\"\" class=\"wp-image-153\"\/><\/figure>\n<\/div>\n\n\n\n<div class=\"wp-block-column is-layout-flow wp-block-column-is-layout-flow\" style=\"flex-basis:66.66%\">\n<h2 class=\"wp-block-heading\" id=\"korrespondenzkanzleien\">Korrespondenzkanzleien<\/h2>\n<\/div>\n<\/div>\n\n\n\n<h3 class=\"wp-block-heading\" id=\"meritius-brussels\">MERITIUS Br\u00fcssels<\/h3>\n\n\n\n<p><a rel=\"noreferrer noopener\" href=\"http:\/\/www.meritius.be\/nl\/Meritius\/home.aspx\" target=\"_blank\">MERITIUS<\/a> ist ein Zusammenschluss aus f\u00fcnf unabh\u00e4ngigen Kanzleien mit Sitz in Br\u00fcssel, Antwerpen, Gent, Mons und Namur. Die Anw\u00e4lte von MERITIUS betreuen gro\u00dfe und kleine Unternehmen in Belgien und der Europ\u00e4ischen Union. Diese Betreuung umfasst sowohl die Beratung als auch die rechtliche Vertretung in allen Verfahrensarten und vor allen Gerichten.<\/p>\n\n\n\n<h3 class=\"wp-block-heading\" id=\"avocat-e-stagiaire\">Manuel GROS, H\u00e9lo\u00efse HICTER, et Associ\u00e9s (Frankreich)<\/h3>\n\n\n\n<p>Die <a rel=\"noreferrer noopener\" href=\"http:\/\/www.cabinet-gros-hicter.fr\/fr\" target=\"_blank\">Cabinet d\u2019avocats Manuel GROS, H\u00e9lo\u00efse HICTER, et Associ\u00e9s<\/a> hat Erfahrung in allen Bereichen des \u00f6ffentlichen Rechts und \u00f6ffentlichen Rechtsstreitigkeiten (allgemeines \u00f6ffentliches Recht, Kommunalrecht, Recht der \u00f6ffentlichen Sachen, St\u00e4dtebaurecht, Enteignungsrecht, Raumordnungsrecht, Immobilienrecht, Umweltrecht, Beamtenrecht, \u00f6ffentliches Vertragsrecht, \u00f6ffentliches Wirtschaftsrecht, Bergrecht, innovative Rechtsgestaltung, etc.) Die verschiedenen Anw\u00e4lte und Partner haben ihr Know-how durch die Betreuung zahlreicher Rechtsstreitigkeiten f\u00fcr verschiedene Gebietsk\u00f6rperschaften (Gemeinden, Verbandsgemeinden, im st\u00e4dtischen und l\u00e4ndlichen Bereich) und \u00f6ffentliche Einrichtungen erlangt.<\/p>\n\n\n\n<div style=\"height:350px\" aria-hidden=\"true\" class=\"wp-block-spacer\"><\/div>\n","protected":false},"excerpt":{"rendered":"<p>Anw\u00e4lte Pierre Mo\u00ebrynck Geboren 1967 in Bastogne, Studium der Rechtswissenschaften an der Katholischen Universit\u00e4t L\u00f6wen mit Auszeichnung (1990), Mitglied der Anwaltskammer Namur (1991) und der Anwaltskammer Br\u00fcssel (2001), Fachanwalt f\u00fcr St\u00e4dtebau- und Umweltrecht (2004), Fortbildung f\u00fcr Kassationsverfahren in Strafsachen (2019), Gastdozent an der Universit\u00e4t Saint-Louis in Br\u00fcssel (Masterstudiengang Umweltrecht und \u00f6ffentliches Immobilienrecht; &#8220;Unternehmen und Umwelt&#8221;). [&hellip;]<\/p>\n","protected":false},"author":1,"featured_media":0,"parent":0,"menu_order":0,"comment_status":"closed","ping_status":"closed","template":"","meta":{"footnotes":""},"class_list":["post-306","page","type-page","status-publish","hentry"],"_links":{"self":[{"href":"https:\/\/moerynck.be\/de\/wp-json\/wp\/v2\/pages\/306","targetHints":{"allow":["GET"]}}],"collection":[{"href":"https:\/\/moerynck.be\/de\/wp-json\/wp\/v2\/pages"}],"about":[{"href":"https:\/\/moerynck.be\/de\/wp-json\/wp\/v2\/types\/page"}],"author":[{"embeddable":true,"href":"https:\/\/moerynck.be\/de\/wp-json\/wp\/v2\/users\/1"}],"replies":[{"embeddable":true,"href":"https:\/\/moerynck.be\/de\/wp-json\/wp\/v2\/comments?post=306"}],"version-history":[{"count":7,"href":"https:\/\/moerynck.be\/de\/wp-json\/wp\/v2\/pages\/306\/revisions"}],"predecessor-version":[{"id":555,"href":"https:\/\/moerynck.be\/de\/wp-json\/wp\/v2\/pages\/306\/revisions\/555"}],"wp:attachment":[{"href":"https:\/\/moerynck.be\/de\/wp-json\/wp\/v2\/media?parent=306"}],"curies":[{"name":"wp","href":"https:\/\/api.w.org\/{rel}","templated":true}]}}